{"id":1140,"date":"2021-05-10T15:24:31","date_gmt":"2021-05-10T13:24:31","guid":{"rendered":"https:\/\/www.pinifri.fr\/Portfolio\/?page_id=1140"},"modified":"2021-05-10T15:28:26","modified_gmt":"2021-05-10T13:28:26","slug":"dessin-emma","status":"publish","type":"page","link":"https:\/\/www.pinifri.fr\/Portfolio\/design-graphique\/dessin-emma\/","title":{"rendered":"Dessin \u00ab\u00a0Emma\u00a0\u00bb"},"content":{"rendered":"\t\t<div data-elementor-type=\"wp-page\" data-elementor-id=\"1140\" class=\"elementor elementor-1140\" data-elementor-settings=\"{&quot;ha_cmc_init_switcher&quot;:&quot;no&quot;}\" data-elementor-post-type=\"page\">\n\t\t\t\t\t\t<section class=\"has_eae_slider elementor-section elementor-top-section elementor-element elementor-element-3b5e334 elementor-section-boxed elementor-section-height-default elementor-section-height-default\" data-eae-slider=\"68781\" data-id=\"3b5e334\" data-element_type=\"section\" data-e-type=\"section\" data-settings=\"{&quot;_ha_eqh_enable&quot;:false}\">\n\t\t\t\t\t\t<div class=\"elementor-container elementor-column-gap-default\">\n\t\t\t\t\t<div class=\"has_eae_slider elementor-column elementor-col-100 elementor-top-column elementor-element elementor-element-ee8d1e7\" data-eae-slider=\"58284\" data-id=\"ee8d1e7\" data-element_type=\"column\" data-e-type=\"column\">\n\t\t\t<div class=\"elementor-widget-wrap elementor-element-populated\">\n\t\t\t\t\t\t<div class=\"elementor-element elementor-element-abb7c91 animated-slow elementor-invisible elementor-widget elementor-widget-text-editor\" data-id=\"abb7c91\" data-element_type=\"widget\" data-e-type=\"widget\" data-settings=\"{&quot;_animation&quot;:&quot;fadeIn&quot;}\" data-widget_type=\"text-editor.default\">\n\t\t\t\t<div class=\"elementor-widget-container\">\n\t\t\t\t\t\t\t\t\t<p>\u00a0Afin d&rsquo;ajouter des comp\u00e9tences \u00e0 ma formation de Web Designer, j&rsquo;ai cr\u00e9\u00e9 cette petite fille portant son nounours nonchalamment.<\/p>\t\t\t\t\t\t\t\t<\/div>\n\t\t\t\t<\/div>\n\t\t\t\t\t<\/div>\n\t\t<\/div>\n\t\t\t\t\t<\/div>\n\t\t<\/section>\n\t\t\t\t<section class=\"has_eae_slider elementor-section elementor-top-section elementor-element elementor-element-85d7d43 elementor-section-boxed elementor-section-height-default elementor-section-height-default\" data-eae-slider=\"57502\" data-id=\"85d7d43\" data-element_type=\"section\" data-e-type=\"section\" data-settings=\"{&quot;_ha_eqh_enable&quot;:false}\">\n\t\t\t\t\t\t<div class=\"elementor-container elementor-column-gap-default\">\n\t\t\t\t\t<div class=\"has_eae_slider elementor-column elementor-col-100 elementor-top-column elementor-element elementor-element-7054ff4\" data-eae-slider=\"65527\" data-id=\"7054ff4\" data-element_type=\"column\" data-e-type=\"column\">\n\t\t\t<div class=\"elementor-widget-wrap elementor-element-populated\">\n\t\t\t\t\t\t<div class=\"elementor-element elementor-element-c4edbd0 animated-slow elementor-invisible elementor-widget elementor-widget-image\" data-id=\"c4edbd0\" data-element_type=\"widget\" data-e-type=\"widget\" data-settings=\"{&quot;_animation&quot;:&quot;fadeInUp&quot;}\" data-widget_type=\"image.default\">\n\t\t\t\t<div class=\"elementor-widget-container\">\n\t\t\t\t\t\t\t\t\t\t\t\t\t\t\t<img fetchpriority=\"high\" decoding=\"async\" width=\"2560\" height=\"1708\" src=\"https:\/\/www.pinifri.fr\/Portfolio\/wp-content\/uploads\/2021\/05\/personnage-emma-2600x1535-1-scaled.jpg\" class=\"attachment-full size-full wp-image-1136\" alt=\"Dessin &quot;Pesonnage Emma&quot;\" srcset=\"https:\/\/www.pinifri.fr\/Portfolio\/wp-content\/uploads\/2021\/05\/personnage-emma-2600x1535-1-scaled.jpg 2560w, https:\/\/www.pinifri.fr\/Portfolio\/wp-content\/uploads\/2021\/05\/personnage-emma-2600x1535-1-300x200.jpg 300w, https:\/\/www.pinifri.fr\/Portfolio\/wp-content\/uploads\/2021\/05\/personnage-emma-2600x1535-1-1024x683.jpg 1024w, https:\/\/www.pinifri.fr\/Portfolio\/wp-content\/uploads\/2021\/05\/personnage-emma-2600x1535-1-768x512.jpg 768w, https:\/\/www.pinifri.fr\/Portfolio\/wp-content\/uploads\/2021\/05\/personnage-emma-2600x1535-1-1536x1025.jpg 1536w, https:\/\/www.pinifri.fr\/Portfolio\/wp-content\/uploads\/2021\/05\/personnage-emma-2600x1535-1-2048x1367.jpg 2048w, https:\/\/www.pinifri.fr\/Portfolio\/wp-content\/uploads\/2021\/05\/personnage-emma-2600x1535-1-720x480.jpg 720w, https:\/\/www.pinifri.fr\/Portfolio\/wp-content\/uploads\/2021\/05\/personnage-emma-2600x1535-1-820x547.jpg 820w\" sizes=\"(max-width: 2560px) 100vw, 2560px\" \/>\t\t\t\t\t\t\t\t\t\t\t\t\t\t\t<\/div>\n\t\t\t\t<\/div>\n\t\t\t\t\t<\/div>\n\t\t<\/div>\n\t\t\t\t\t<\/div>\n\t\t<\/section>\n\t\t\t\t<\/div>\n\t\t","protected":false},"excerpt":{"rendered":"<p>\u00a0Afin d&rsquo;ajouter des comp\u00e9tences \u00e0 ma formation de Web Designer, j&rsquo;ai cr\u00e9\u00e9 cette petite fille portant son nounours nonchalamment.<\/p>\n","protected":false},"author":1,"featured_media":0,"parent":8,"menu_order":0,"comment_status":"closed","ping_status":"closed","template":"page-templates\/template_fullwidth.php","meta":{"_eb_attr":"","_monsterinsights_skip_tracking":false,"_monsterinsights_sitenote_active":false,"_monsterinsights_sitenote_note":"","_monsterinsights_sitenote_category":0,"_uf_show_specific_survey":0,"_uf_disable_surveys":false,"footnotes":""},"class_list":["post-1140","page","type-page","status-publish","hentry","clearfix"],"aioseo_notices":[],"yoast_head":"<!-- This site is optimized with the Yoast SEO plugin v27.5 - https:\/\/yoast.com\/product\/yoast-seo-wordpress\/ -->\n<title>Cr\u00e9ation d&#039;un personnage &quot;Emma&quot; fait sur ADOBE Illustrator 2021<\/title>\n<meta name=\"description\" content=\"Pour parfaire mes comp\u00e9tences sur Illustrator, j&#039;ai cr\u00e9\u00e9 cet illustration. Cette petite fille emm\u00e8ne son nounours avec elle.\" \/>\n<meta name=\"robots\" content=\"index, follow, max-snippet:-1, max-image-preview:large, max-video-preview:-1\" \/>\n<link rel=\"canonical\" href=\"https:\/\/www.pinifri.fr\/Portfolio\/design-graphique\/dessin-emma\/\" \/>\n<meta property=\"og:locale\" content=\"fr_FR\" \/>\n<meta property=\"og:type\" content=\"article\" \/>\n<meta property=\"og:title\" content=\"Cr\u00e9ation d&#039;un personnage &quot;Emma&quot; fait sur ADOBE Illustrator 2021\" \/>\n<meta property=\"og:description\" content=\"Pour parfaire mes comp\u00e9tences sur Illustrator, j&#039;ai cr\u00e9\u00e9 cet illustration. Cette petite fille emm\u00e8ne son nounours avec elle.\" \/>\n<meta property=\"og:url\" content=\"https:\/\/www.pinifri.fr\/Portfolio\/design-graphique\/dessin-emma\/\" \/>\n<meta property=\"og:site_name\" content=\"Portfolio\" \/>\n<meta property=\"article:modified_time\" content=\"2021-05-10T13:28:26+00:00\" \/>\n<meta property=\"og:image\" content=\"https:\/\/www.pinifri.fr\/Portfolio\/wp-content\/uploads\/2021\/05\/personnage-emma-2600x1535-1-scaled.jpg\" \/>\n<meta name=\"twitter:card\" content=\"summary_large_image\" \/>\n<meta name=\"twitter:label1\" content=\"Dur\u00e9e de lecture estim\u00e9e\" \/>\n\t<meta name=\"twitter:data1\" content=\"1 minute\" \/>\n<script type=\"application\/ld+json\" class=\"yoast-schema-graph\">{\"@context\":\"https:\\\/\\\/schema.org\",\"@graph\":[{\"@type\":\"WebPage\",\"@id\":\"https:\\\/\\\/www.pinifri.fr\\\/Portfolio\\\/design-graphique\\\/dessin-emma\\\/\",\"url\":\"https:\\\/\\\/www.pinifri.fr\\\/Portfolio\\\/design-graphique\\\/dessin-emma\\\/\",\"name\":\"Cr\u00e9ation d'un personnage \\\"Emma\\\" fait sur ADOBE Illustrator 2021\",\"isPartOf\":{\"@id\":\"https:\\\/\\\/www.pinifri.fr\\\/Portfolio\\\/#website\"},\"primaryImageOfPage\":{\"@id\":\"https:\\\/\\\/www.pinifri.fr\\\/Portfolio\\\/design-graphique\\\/dessin-emma\\\/#primaryimage\"},\"image\":{\"@id\":\"https:\\\/\\\/www.pinifri.fr\\\/Portfolio\\\/design-graphique\\\/dessin-emma\\\/#primaryimage\"},\"thumbnailUrl\":\"https:\\\/\\\/www.pinifri.fr\\\/Portfolio\\\/wp-content\\\/uploads\\\/2021\\\/05\\\/personnage-emma-2600x1535-1-scaled.jpg\",\"datePublished\":\"2021-05-10T13:24:31+00:00\",\"dateModified\":\"2021-05-10T13:28:26+00:00\",\"description\":\"Pour parfaire mes comp\u00e9tences sur Illustrator, j'ai cr\u00e9\u00e9 cet illustration. Cette petite fille emm\u00e8ne son nounours avec elle.\",\"breadcrumb\":{\"@id\":\"https:\\\/\\\/www.pinifri.fr\\\/Portfolio\\\/design-graphique\\\/dessin-emma\\\/#breadcrumb\"},\"inLanguage\":\"fr-FR\",\"potentialAction\":[{\"@type\":\"ReadAction\",\"target\":[\"https:\\\/\\\/www.pinifri.fr\\\/Portfolio\\\/design-graphique\\\/dessin-emma\\\/\"]}]},{\"@type\":\"ImageObject\",\"inLanguage\":\"fr-FR\",\"@id\":\"https:\\\/\\\/www.pinifri.fr\\\/Portfolio\\\/design-graphique\\\/dessin-emma\\\/#primaryimage\",\"url\":\"https:\\\/\\\/www.pinifri.fr\\\/Portfolio\\\/wp-content\\\/uploads\\\/2021\\\/05\\\/personnage-emma-2600x1535-1-scaled.jpg\",\"contentUrl\":\"https:\\\/\\\/www.pinifri.fr\\\/Portfolio\\\/wp-content\\\/uploads\\\/2021\\\/05\\\/personnage-emma-2600x1535-1-scaled.jpg\",\"width\":2560,\"height\":1708,\"caption\":\"Dessin \\\"Pesonnage Emma\\\"\"},{\"@type\":\"BreadcrumbList\",\"@id\":\"https:\\\/\\\/www.pinifri.fr\\\/Portfolio\\\/design-graphique\\\/dessin-emma\\\/#breadcrumb\",\"itemListElement\":[{\"@type\":\"ListItem\",\"position\":1,\"name\":\"Accueil\",\"item\":\"https:\\\/\\\/www.pinifri.fr\\\/Portfolio\\\/\"},{\"@type\":\"ListItem\",\"position\":2,\"name\":\"Design graphique\",\"item\":\"https:\\\/\\\/www.pinifri.fr\\\/Portfolio\\\/design-graphique\\\/\"},{\"@type\":\"ListItem\",\"position\":3,\"name\":\"Dessin &#8220;Emma&#8221;\"}]},{\"@type\":\"WebSite\",\"@id\":\"https:\\\/\\\/www.pinifri.fr\\\/Portfolio\\\/#website\",\"url\":\"https:\\\/\\\/www.pinifri.fr\\\/Portfolio\\\/\",\"name\":\"Portfolio\",\"description\":\" de Sandrine Beauc\u00f4t\u00e9 ...\",\"publisher\":{\"@id\":\"https:\\\/\\\/www.pinifri.fr\\\/Portfolio\\\/#organization\"},\"potentialAction\":[{\"@type\":\"SearchAction\",\"target\":{\"@type\":\"EntryPoint\",\"urlTemplate\":\"https:\\\/\\\/www.pinifri.fr\\\/Portfolio\\\/?s={search_term_string}\"},\"query-input\":{\"@type\":\"PropertyValueSpecification\",\"valueRequired\":true,\"valueName\":\"search_term_string\"}}],\"inLanguage\":\"fr-FR\"},{\"@type\":\"Organization\",\"@id\":\"https:\\\/\\\/www.pinifri.fr\\\/Portfolio\\\/#organization\",\"name\":\"Portfolio\",\"url\":\"https:\\\/\\\/www.pinifri.fr\\\/Portfolio\\\/\",\"logo\":{\"@type\":\"ImageObject\",\"inLanguage\":\"fr-FR\",\"@id\":\"https:\\\/\\\/www.pinifri.fr\\\/Portfolio\\\/#\\\/schema\\\/logo\\\/image\\\/\",\"url\":\"https:\\\/\\\/www.pinifri.fr\\\/Portfolio\\\/wp-content\\\/uploads\\\/2020\\\/04\\\/cropped-logo-426px.png\",\"contentUrl\":\"https:\\\/\\\/www.pinifri.fr\\\/Portfolio\\\/wp-content\\\/uploads\\\/2020\\\/04\\\/cropped-logo-426px.png\",\"width\":318,\"height\":302,\"caption\":\"Portfolio\"},\"image\":{\"@id\":\"https:\\\/\\\/www.pinifri.fr\\\/Portfolio\\\/#\\\/schema\\\/logo\\\/image\\\/\"}}]}<\/script>\n<!-- \/ Yoast SEO plugin. -->","yoast_head_json":{"title":"Cr\u00e9ation d'un personnage \"Emma\" fait sur ADOBE Illustrator 2021","description":"Pour parfaire mes comp\u00e9tences sur Illustrator, j'ai cr\u00e9\u00e9 cet illustration. Cette petite fille emm\u00e8ne son nounours avec elle.","robots":{"index":"index","follow":"follow","max-snippet":"max-snippet:-1","max-image-preview":"max-image-preview:large","max-video-preview":"max-video-preview:-1"},"canonical":"https:\/\/www.pinifri.fr\/Portfolio\/design-graphique\/dessin-emma\/","og_locale":"fr_FR","og_type":"article","og_title":"Cr\u00e9ation d'un personnage \"Emma\" fait sur ADOBE Illustrator 2021","og_description":"Pour parfaire mes comp\u00e9tences sur Illustrator, j'ai cr\u00e9\u00e9 cet illustration. Cette petite fille emm\u00e8ne son nounours avec elle.","og_url":"https:\/\/www.pinifri.fr\/Portfolio\/design-graphique\/dessin-emma\/","og_site_name":"Portfolio","article_modified_time":"2021-05-10T13:28:26+00:00","og_image":[{"url":"https:\/\/www.pinifri.fr\/Portfolio\/wp-content\/uploads\/2021\/05\/personnage-emma-2600x1535-1-scaled.jpg","type":"","width":"","height":""}],"twitter_card":"summary_large_image","twitter_misc":{"Dur\u00e9e de lecture estim\u00e9e":"1 minute"},"schema":{"@context":"https:\/\/schema.org","@graph":[{"@type":"WebPage","@id":"https:\/\/www.pinifri.fr\/Portfolio\/design-graphique\/dessin-emma\/","url":"https:\/\/www.pinifri.fr\/Portfolio\/design-graphique\/dessin-emma\/","name":"Cr\u00e9ation d'un personnage \"Emma\" fait sur ADOBE Illustrator 2021","isPartOf":{"@id":"https:\/\/www.pinifri.fr\/Portfolio\/#website"},"primaryImageOfPage":{"@id":"https:\/\/www.pinifri.fr\/Portfolio\/design-graphique\/dessin-emma\/#primaryimage"},"image":{"@id":"https:\/\/www.pinifri.fr\/Portfolio\/design-graphique\/dessin-emma\/#primaryimage"},"thumbnailUrl":"https:\/\/www.pinifri.fr\/Portfolio\/wp-content\/uploads\/2021\/05\/personnage-emma-2600x1535-1-scaled.jpg","datePublished":"2021-05-10T13:24:31+00:00","dateModified":"2021-05-10T13:28:26+00:00","description":"Pour parfaire mes comp\u00e9tences sur Illustrator, j'ai cr\u00e9\u00e9 cet illustration. Cette petite fille emm\u00e8ne son nounours avec elle.","breadcrumb":{"@id":"https:\/\/www.pinifri.fr\/Portfolio\/design-graphique\/dessin-emma\/#breadcrumb"},"inLanguage":"fr-FR","potentialAction":[{"@type":"ReadAction","target":["https:\/\/www.pinifri.fr\/Portfolio\/design-graphique\/dessin-emma\/"]}]},{"@type":"ImageObject","inLanguage":"fr-FR","@id":"https:\/\/www.pinifri.fr\/Portfolio\/design-graphique\/dessin-emma\/#primaryimage","url":"https:\/\/www.pinifri.fr\/Portfolio\/wp-content\/uploads\/2021\/05\/personnage-emma-2600x1535-1-scaled.jpg","contentUrl":"https:\/\/www.pinifri.fr\/Portfolio\/wp-content\/uploads\/2021\/05\/personnage-emma-2600x1535-1-scaled.jpg","width":2560,"height":1708,"caption":"Dessin \"Pesonnage Emma\""},{"@type":"BreadcrumbList","@id":"https:\/\/www.pinifri.fr\/Portfolio\/design-graphique\/dessin-emma\/#breadcrumb","itemListElement":[{"@type":"ListItem","position":1,"name":"Accueil","item":"https:\/\/www.pinifri.fr\/Portfolio\/"},{"@type":"ListItem","position":2,"name":"Design graphique","item":"https:\/\/www.pinifri.fr\/Portfolio\/design-graphique\/"},{"@type":"ListItem","position":3,"name":"Dessin &#8220;Emma&#8221;"}]},{"@type":"WebSite","@id":"https:\/\/www.pinifri.fr\/Portfolio\/#website","url":"https:\/\/www.pinifri.fr\/Portfolio\/","name":"Portfolio","description":" de Sandrine Beauc\u00f4t\u00e9 ...","publisher":{"@id":"https:\/\/www.pinifri.fr\/Portfolio\/#organization"},"potentialAction":[{"@type":"SearchAction","target":{"@type":"EntryPoint","urlTemplate":"https:\/\/www.pinifri.fr\/Portfolio\/?s={search_term_string}"},"query-input":{"@type":"PropertyValueSpecification","valueRequired":true,"valueName":"search_term_string"}}],"inLanguage":"fr-FR"},{"@type":"Organization","@id":"https:\/\/www.pinifri.fr\/Portfolio\/#organization","name":"Portfolio","url":"https:\/\/www.pinifri.fr\/Portfolio\/","logo":{"@type":"ImageObject","inLanguage":"fr-FR","@id":"https:\/\/www.pinifri.fr\/Portfolio\/#\/schema\/logo\/image\/","url":"https:\/\/www.pinifri.fr\/Portfolio\/wp-content\/uploads\/2020\/04\/cropped-logo-426px.png","contentUrl":"https:\/\/www.pinifri.fr\/Portfolio\/wp-content\/uploads\/2020\/04\/cropped-logo-426px.png","width":318,"height":302,"caption":"Portfolio"},"image":{"@id":"https:\/\/www.pinifri.fr\/Portfolio\/#\/schema\/logo\/image\/"}}]}},"_links":{"self":[{"href":"https:\/\/www.pinifri.fr\/Portfolio\/wp-json\/wp\/v2\/pages\/1140","targetHints":{"allow":["GET"]}}],"collection":[{"href":"https:\/\/www.pinifri.fr\/Portfolio\/wp-json\/wp\/v2\/pages"}],"about":[{"href":"https:\/\/www.pinifri.fr\/Portfolio\/wp-json\/wp\/v2\/types\/page"}],"author":[{"embeddable":true,"href":"https:\/\/www.pinifri.fr\/Portfolio\/wp-json\/wp\/v2\/users\/1"}],"replies":[{"embeddable":true,"href":"https:\/\/www.pinifri.fr\/Portfolio\/wp-json\/wp\/v2\/comments?post=1140"}],"version-history":[{"count":4,"href":"https:\/\/www.pinifri.fr\/Portfolio\/wp-json\/wp\/v2\/pages\/1140\/revisions"}],"predecessor-version":[{"id":1144,"href":"https:\/\/www.pinifri.fr\/Portfolio\/wp-json\/wp\/v2\/pages\/1140\/revisions\/1144"}],"up":[{"embeddable":true,"href":"https:\/\/www.pinifri.fr\/Portfolio\/wp-json\/wp\/v2\/pages\/8"}],"wp:attachment":[{"href":"https:\/\/www.pinifri.fr\/Portfolio\/wp-json\/wp\/v2\/media?parent=1140"}],"curies":[{"name":"wp","href":"https:\/\/api.w.org\/{rel}","templated":true}]}}