{"id":283,"date":"2020-05-13T17:21:01","date_gmt":"2020-05-13T15:21:01","guid":{"rendered":"https:\/\/www.pinifri.fr\/Portfolio\/?page_id=283"},"modified":"2020-06-16T12:35:07","modified_gmt":"2020-06-16T10:35:07","slug":"logo-couture-en-ile","status":"publish","type":"page","link":"https:\/\/www.pinifri.fr\/Portfolio\/design-graphique\/logo-couture-en-ile\/","title":{"rendered":"Logo \u00ab\u00a0Couture en \u00eele\u00a0\u00bb"},"content":{"rendered":"\t\t<div data-elementor-type=\"wp-page\" data-elementor-id=\"283\" class=\"elementor elementor-283\" data-elementor-settings=\"{&quot;ha_cmc_init_switcher&quot;:&quot;no&quot;}\" data-elementor-post-type=\"page\">\n\t\t\t\t\t\t<section class=\"has_eae_slider elementor-section elementor-top-section elementor-element elementor-element-db445e9 elementor-section-boxed elementor-section-height-default elementor-section-height-default\" data-eae-slider=\"30881\" data-id=\"db445e9\" data-element_type=\"section\" data-e-type=\"section\" data-settings=\"{&quot;_ha_eqh_enable&quot;:false}\">\n\t\t\t\t\t\t<div class=\"elementor-container elementor-column-gap-default\">\n\t\t\t\t\t<div class=\"has_eae_slider elementor-column elementor-col-100 elementor-top-column elementor-element elementor-element-c3bfcd9\" data-eae-slider=\"72708\" data-id=\"c3bfcd9\" data-element_type=\"column\" data-e-type=\"column\">\n\t\t\t<div class=\"elementor-widget-wrap elementor-element-populated\">\n\t\t\t\t\t\t<div class=\"elementor-element elementor-element-515ab66 animated-slow elementor-invisible elementor-widget elementor-widget-text-editor\" data-id=\"515ab66\" data-element_type=\"widget\" data-e-type=\"widget\" data-settings=\"{&quot;_animation&quot;:&quot;fadeIn&quot;}\" data-widget_type=\"text-editor.default\">\n\t\t\t\t<div class=\"elementor-widget-container\">\n\t\t\t\t\t\t\t\t\t<p>Cr\u00e9ation du logo de l&rsquo;entreprise \u00ab\u00a0Couture en \u00eele\u00a0\u00bb se situant sur l&rsquo;\u00eele d&rsquo;Ol\u00e9ron. Les couleurs verte et rose sont en harmonie avec celle du magasin.<\/p>\t\t\t\t\t\t\t\t<\/div>\n\t\t\t\t<\/div>\n\t\t\t\t\t<\/div>\n\t\t<\/div>\n\t\t\t\t\t<\/div>\n\t\t<\/section>\n\t\t\t\t<section class=\"has_eae_slider elementor-section elementor-top-section elementor-element elementor-element-d5dac51 elementor-section-boxed elementor-section-height-default elementor-section-height-default\" data-eae-slider=\"54543\" data-id=\"d5dac51\" data-element_type=\"section\" data-e-type=\"section\" data-settings=\"{&quot;_ha_eqh_enable&quot;:false}\">\n\t\t\t\t\t\t<div class=\"elementor-container elementor-column-gap-default\">\n\t\t\t\t\t<div class=\"has_eae_slider elementor-column elementor-col-100 elementor-top-column elementor-element elementor-element-948beb8\" data-eae-slider=\"31042\" data-id=\"948beb8\" data-element_type=\"column\" data-e-type=\"column\">\n\t\t\t<div class=\"elementor-widget-wrap elementor-element-populated\">\n\t\t\t\t\t\t<div class=\"elementor-element elementor-element-bd4f0ef animated-slow elementor-invisible elementor-widget elementor-widget-image\" data-id=\"bd4f0ef\" data-element_type=\"widget\" data-e-type=\"widget\" data-settings=\"{&quot;_animation&quot;:&quot;fadeInUp&quot;}\" data-widget_type=\"image.default\">\n\t\t\t\t<div class=\"elementor-widget-container\">\n\t\t\t\t\t\t\t\t\t\t\t\t\t\t\t<img fetchpriority=\"high\" decoding=\"async\" width=\"2560\" height=\"1044\" src=\"https:\/\/www.pinifri.fr\/Portfolio\/wp-content\/uploads\/2020\/05\/logo-CEI-3800x1550-1-scaled.jpg\" class=\"attachment-full size-full wp-image-285\" alt=\"photo logo couture en \u00eele\" srcset=\"https:\/\/www.pinifri.fr\/Portfolio\/wp-content\/uploads\/2020\/05\/logo-CEI-3800x1550-1-scaled.jpg 2560w, https:\/\/www.pinifri.fr\/Portfolio\/wp-content\/uploads\/2020\/05\/logo-CEI-3800x1550-1-300x122.jpg 300w, https:\/\/www.pinifri.fr\/Portfolio\/wp-content\/uploads\/2020\/05\/logo-CEI-3800x1550-1-1024x418.jpg 1024w, https:\/\/www.pinifri.fr\/Portfolio\/wp-content\/uploads\/2020\/05\/logo-CEI-3800x1550-1-768x313.jpg 768w, https:\/\/www.pinifri.fr\/Portfolio\/wp-content\/uploads\/2020\/05\/logo-CEI-3800x1550-1-1536x627.jpg 1536w, https:\/\/www.pinifri.fr\/Portfolio\/wp-content\/uploads\/2020\/05\/logo-CEI-3800x1550-1-2048x835.jpg 2048w, https:\/\/www.pinifri.fr\/Portfolio\/wp-content\/uploads\/2020\/05\/logo-CEI-3800x1550-1-720x294.jpg 720w, https:\/\/www.pinifri.fr\/Portfolio\/wp-content\/uploads\/2020\/05\/logo-CEI-3800x1550-1-820x334.jpg 820w\" sizes=\"(max-width: 2560px) 100vw, 2560px\" \/>\t\t\t\t\t\t\t\t\t\t\t\t\t\t\t<\/div>\n\t\t\t\t<\/div>\n\t\t\t\t\t<\/div>\n\t\t<\/div>\n\t\t\t\t\t<\/div>\n\t\t<\/section>\n\t\t\t\t<\/div>\n\t\t","protected":false},"excerpt":{"rendered":"<p>Cr\u00e9ation du logo de l&rsquo;entreprise \u00ab\u00a0Couture en \u00eele\u00a0\u00bb se situant sur l&rsquo;\u00eele d&rsquo;Ol\u00e9ron. Les couleurs verte et rose sont en [&hellip;]<\/p>\n","protected":false},"author":1,"featured_media":0,"parent":8,"menu_order":0,"comment_status":"closed","ping_status":"closed","template":"page-templates\/template_fullwidth.php","meta":{"_eb_attr":"","_monsterinsights_skip_tracking":false,"_monsterinsights_sitenote_active":false,"_monsterinsights_sitenote_note":"","_monsterinsights_sitenote_category":0,"_uf_show_specific_survey":0,"_uf_disable_surveys":false,"footnotes":""},"class_list":["post-283","page","type-page","status-publish","hentry","clearfix"],"aioseo_notices":[],"yoast_head":"<!-- This site is optimized with the Yoast SEO plugin v27.5 - https:\/\/yoast.com\/product\/yoast-seo-wordpress\/ -->\n<title>Cr\u00e9ation du logo &quot;Couture en \u00eele&quot;. Le magasin se trouve sur l&#039;\u00eele d&#039;Ol\u00e9ron.<\/title>\n<meta name=\"description\" content=\"Le logo devait refl\u00e9ter les couleurs du magasin. Le rose pour les filles et le vert pour les gar\u00e7ons. J&#039;ai utilis\u00e9 ADOBE Illustrator 2019 pour la cr\u00e9ation.\" \/>\n<meta name=\"robots\" content=\"index, follow, max-snippet:-1, max-image-preview:large, max-video-preview:-1\" \/>\n<link rel=\"canonical\" href=\"https:\/\/www.pinifri.fr\/Portfolio\/design-graphique\/logo-couture-en-ile\/\" \/>\n<meta property=\"og:locale\" content=\"fr_FR\" \/>\n<meta property=\"og:type\" content=\"article\" \/>\n<meta property=\"og:title\" content=\"Cr\u00e9ation du logo &quot;Couture en \u00eele&quot;. Le magasin se trouve sur l&#039;\u00eele d&#039;Ol\u00e9ron.\" \/>\n<meta property=\"og:description\" content=\"Le logo devait refl\u00e9ter les couleurs du magasin. Le rose pour les filles et le vert pour les gar\u00e7ons. J&#039;ai utilis\u00e9 ADOBE Illustrator 2019 pour la cr\u00e9ation.\" \/>\n<meta property=\"og:url\" content=\"https:\/\/www.pinifri.fr\/Portfolio\/design-graphique\/logo-couture-en-ile\/\" \/>\n<meta property=\"og:site_name\" content=\"Portfolio\" \/>\n<meta property=\"article:modified_time\" content=\"2020-06-16T10:35:07+00:00\" \/>\n<meta property=\"og:image\" content=\"https:\/\/www.pinifri.fr\/Portfolio\/wp-content\/uploads\/2020\/05\/logo-CEI-3800x1550-1-scaled.jpg\" \/>\n<meta name=\"twitter:card\" content=\"summary_large_image\" \/>\n<script type=\"application\/ld+json\" class=\"yoast-schema-graph\">{\"@context\":\"https:\\\/\\\/schema.org\",\"@graph\":[{\"@type\":\"WebPage\",\"@id\":\"https:\\\/\\\/www.pinifri.fr\\\/Portfolio\\\/design-graphique\\\/logo-couture-en-ile\\\/\",\"url\":\"https:\\\/\\\/www.pinifri.fr\\\/Portfolio\\\/design-graphique\\\/logo-couture-en-ile\\\/\",\"name\":\"Cr\u00e9ation du logo \\\"Couture en \u00eele\\\". Le magasin se trouve sur l'\u00eele d'Ol\u00e9ron.\",\"isPartOf\":{\"@id\":\"https:\\\/\\\/www.pinifri.fr\\\/Portfolio\\\/#website\"},\"primaryImageOfPage\":{\"@id\":\"https:\\\/\\\/www.pinifri.fr\\\/Portfolio\\\/design-graphique\\\/logo-couture-en-ile\\\/#primaryimage\"},\"image\":{\"@id\":\"https:\\\/\\\/www.pinifri.fr\\\/Portfolio\\\/design-graphique\\\/logo-couture-en-ile\\\/#primaryimage\"},\"thumbnailUrl\":\"https:\\\/\\\/www.pinifri.fr\\\/Portfolio\\\/wp-content\\\/uploads\\\/2020\\\/05\\\/logo-CEI-3800x1550-1-scaled.jpg\",\"datePublished\":\"2020-05-13T15:21:01+00:00\",\"dateModified\":\"2020-06-16T10:35:07+00:00\",\"description\":\"Le logo devait refl\u00e9ter les couleurs du magasin. Le rose pour les filles et le vert pour les gar\u00e7ons. J'ai utilis\u00e9 ADOBE Illustrator 2019 pour la cr\u00e9ation.\",\"breadcrumb\":{\"@id\":\"https:\\\/\\\/www.pinifri.fr\\\/Portfolio\\\/design-graphique\\\/logo-couture-en-ile\\\/#breadcrumb\"},\"inLanguage\":\"fr-FR\",\"potentialAction\":[{\"@type\":\"ReadAction\",\"target\":[\"https:\\\/\\\/www.pinifri.fr\\\/Portfolio\\\/design-graphique\\\/logo-couture-en-ile\\\/\"]}]},{\"@type\":\"ImageObject\",\"inLanguage\":\"fr-FR\",\"@id\":\"https:\\\/\\\/www.pinifri.fr\\\/Portfolio\\\/design-graphique\\\/logo-couture-en-ile\\\/#primaryimage\",\"url\":\"https:\\\/\\\/www.pinifri.fr\\\/Portfolio\\\/wp-content\\\/uploads\\\/2020\\\/05\\\/logo-CEI-3800x1550-1-scaled.jpg\",\"contentUrl\":\"https:\\\/\\\/www.pinifri.fr\\\/Portfolio\\\/wp-content\\\/uploads\\\/2020\\\/05\\\/logo-CEI-3800x1550-1-scaled.jpg\",\"width\":2560,\"height\":1044,\"caption\":\"photo logo couture en \u00eele\"},{\"@type\":\"BreadcrumbList\",\"@id\":\"https:\\\/\\\/www.pinifri.fr\\\/Portfolio\\\/design-graphique\\\/logo-couture-en-ile\\\/#breadcrumb\",\"itemListElement\":[{\"@type\":\"ListItem\",\"position\":1,\"name\":\"Accueil\",\"item\":\"https:\\\/\\\/www.pinifri.fr\\\/Portfolio\\\/\"},{\"@type\":\"ListItem\",\"position\":2,\"name\":\"Design graphique\",\"item\":\"https:\\\/\\\/www.pinifri.fr\\\/Portfolio\\\/design-graphique\\\/\"},{\"@type\":\"ListItem\",\"position\":3,\"name\":\"Logo &#8220;Couture en \u00eele&#8221;\"}]},{\"@type\":\"WebSite\",\"@id\":\"https:\\\/\\\/www.pinifri.fr\\\/Portfolio\\\/#website\",\"url\":\"https:\\\/\\\/www.pinifri.fr\\\/Portfolio\\\/\",\"name\":\"Portfolio\",\"description\":\" de Sandrine Beauc\u00f4t\u00e9 ...\",\"publisher\":{\"@id\":\"https:\\\/\\\/www.pinifri.fr\\\/Portfolio\\\/#organization\"},\"potentialAction\":[{\"@type\":\"SearchAction\",\"target\":{\"@type\":\"EntryPoint\",\"urlTemplate\":\"https:\\\/\\\/www.pinifri.fr\\\/Portfolio\\\/?s={search_term_string}\"},\"query-input\":{\"@type\":\"PropertyValueSpecification\",\"valueRequired\":true,\"valueName\":\"search_term_string\"}}],\"inLanguage\":\"fr-FR\"},{\"@type\":\"Organization\",\"@id\":\"https:\\\/\\\/www.pinifri.fr\\\/Portfolio\\\/#organization\",\"name\":\"Portfolio\",\"url\":\"https:\\\/\\\/www.pinifri.fr\\\/Portfolio\\\/\",\"logo\":{\"@type\":\"ImageObject\",\"inLanguage\":\"fr-FR\",\"@id\":\"https:\\\/\\\/www.pinifri.fr\\\/Portfolio\\\/#\\\/schema\\\/logo\\\/image\\\/\",\"url\":\"https:\\\/\\\/www.pinifri.fr\\\/Portfolio\\\/wp-content\\\/uploads\\\/2020\\\/04\\\/cropped-logo-426px.png\",\"contentUrl\":\"https:\\\/\\\/www.pinifri.fr\\\/Portfolio\\\/wp-content\\\/uploads\\\/2020\\\/04\\\/cropped-logo-426px.png\",\"width\":318,\"height\":302,\"caption\":\"Portfolio\"},\"image\":{\"@id\":\"https:\\\/\\\/www.pinifri.fr\\\/Portfolio\\\/#\\\/schema\\\/logo\\\/image\\\/\"}}]}<\/script>\n<!-- \/ Yoast SEO plugin. -->","yoast_head_json":{"title":"Cr\u00e9ation du logo \"Couture en \u00eele\". Le magasin se trouve sur l'\u00eele d'Ol\u00e9ron.","description":"Le logo devait refl\u00e9ter les couleurs du magasin. Le rose pour les filles et le vert pour les gar\u00e7ons. J'ai utilis\u00e9 ADOBE Illustrator 2019 pour la cr\u00e9ation.","robots":{"index":"index","follow":"follow","max-snippet":"max-snippet:-1","max-image-preview":"max-image-preview:large","max-video-preview":"max-video-preview:-1"},"canonical":"https:\/\/www.pinifri.fr\/Portfolio\/design-graphique\/logo-couture-en-ile\/","og_locale":"fr_FR","og_type":"article","og_title":"Cr\u00e9ation du logo \"Couture en \u00eele\". Le magasin se trouve sur l'\u00eele d'Ol\u00e9ron.","og_description":"Le logo devait refl\u00e9ter les couleurs du magasin. Le rose pour les filles et le vert pour les gar\u00e7ons. J'ai utilis\u00e9 ADOBE Illustrator 2019 pour la cr\u00e9ation.","og_url":"https:\/\/www.pinifri.fr\/Portfolio\/design-graphique\/logo-couture-en-ile\/","og_site_name":"Portfolio","article_modified_time":"2020-06-16T10:35:07+00:00","og_image":[{"url":"https:\/\/www.pinifri.fr\/Portfolio\/wp-content\/uploads\/2020\/05\/logo-CEI-3800x1550-1-scaled.jpg","type":"","width":"","height":""}],"twitter_card":"summary_large_image","schema":{"@context":"https:\/\/schema.org","@graph":[{"@type":"WebPage","@id":"https:\/\/www.pinifri.fr\/Portfolio\/design-graphique\/logo-couture-en-ile\/","url":"https:\/\/www.pinifri.fr\/Portfolio\/design-graphique\/logo-couture-en-ile\/","name":"Cr\u00e9ation du logo \"Couture en \u00eele\". Le magasin se trouve sur l'\u00eele d'Ol\u00e9ron.","isPartOf":{"@id":"https:\/\/www.pinifri.fr\/Portfolio\/#website"},"primaryImageOfPage":{"@id":"https:\/\/www.pinifri.fr\/Portfolio\/design-graphique\/logo-couture-en-ile\/#primaryimage"},"image":{"@id":"https:\/\/www.pinifri.fr\/Portfolio\/design-graphique\/logo-couture-en-ile\/#primaryimage"},"thumbnailUrl":"https:\/\/www.pinifri.fr\/Portfolio\/wp-content\/uploads\/2020\/05\/logo-CEI-3800x1550-1-scaled.jpg","datePublished":"2020-05-13T15:21:01+00:00","dateModified":"2020-06-16T10:35:07+00:00","description":"Le logo devait refl\u00e9ter les couleurs du magasin. Le rose pour les filles et le vert pour les gar\u00e7ons. J'ai utilis\u00e9 ADOBE Illustrator 2019 pour la cr\u00e9ation.","breadcrumb":{"@id":"https:\/\/www.pinifri.fr\/Portfolio\/design-graphique\/logo-couture-en-ile\/#breadcrumb"},"inLanguage":"fr-FR","potentialAction":[{"@type":"ReadAction","target":["https:\/\/www.pinifri.fr\/Portfolio\/design-graphique\/logo-couture-en-ile\/"]}]},{"@type":"ImageObject","inLanguage":"fr-FR","@id":"https:\/\/www.pinifri.fr\/Portfolio\/design-graphique\/logo-couture-en-ile\/#primaryimage","url":"https:\/\/www.pinifri.fr\/Portfolio\/wp-content\/uploads\/2020\/05\/logo-CEI-3800x1550-1-scaled.jpg","contentUrl":"https:\/\/www.pinifri.fr\/Portfolio\/wp-content\/uploads\/2020\/05\/logo-CEI-3800x1550-1-scaled.jpg","width":2560,"height":1044,"caption":"photo logo couture en \u00eele"},{"@type":"BreadcrumbList","@id":"https:\/\/www.pinifri.fr\/Portfolio\/design-graphique\/logo-couture-en-ile\/#breadcrumb","itemListElement":[{"@type":"ListItem","position":1,"name":"Accueil","item":"https:\/\/www.pinifri.fr\/Portfolio\/"},{"@type":"ListItem","position":2,"name":"Design graphique","item":"https:\/\/www.pinifri.fr\/Portfolio\/design-graphique\/"},{"@type":"ListItem","position":3,"name":"Logo &#8220;Couture en \u00eele&#8221;"}]},{"@type":"WebSite","@id":"https:\/\/www.pinifri.fr\/Portfolio\/#website","url":"https:\/\/www.pinifri.fr\/Portfolio\/","name":"Portfolio","description":" de Sandrine Beauc\u00f4t\u00e9 ...","publisher":{"@id":"https:\/\/www.pinifri.fr\/Portfolio\/#organization"},"potentialAction":[{"@type":"SearchAction","target":{"@type":"EntryPoint","urlTemplate":"https:\/\/www.pinifri.fr\/Portfolio\/?s={search_term_string}"},"query-input":{"@type":"PropertyValueSpecification","valueRequired":true,"valueName":"search_term_string"}}],"inLanguage":"fr-FR"},{"@type":"Organization","@id":"https:\/\/www.pinifri.fr\/Portfolio\/#organization","name":"Portfolio","url":"https:\/\/www.pinifri.fr\/Portfolio\/","logo":{"@type":"ImageObject","inLanguage":"fr-FR","@id":"https:\/\/www.pinifri.fr\/Portfolio\/#\/schema\/logo\/image\/","url":"https:\/\/www.pinifri.fr\/Portfolio\/wp-content\/uploads\/2020\/04\/cropped-logo-426px.png","contentUrl":"https:\/\/www.pinifri.fr\/Portfolio\/wp-content\/uploads\/2020\/04\/cropped-logo-426px.png","width":318,"height":302,"caption":"Portfolio"},"image":{"@id":"https:\/\/www.pinifri.fr\/Portfolio\/#\/schema\/logo\/image\/"}}]}},"_links":{"self":[{"href":"https:\/\/www.pinifri.fr\/Portfolio\/wp-json\/wp\/v2\/pages\/283","targetHints":{"allow":["GET"]}}],"collection":[{"href":"https:\/\/www.pinifri.fr\/Portfolio\/wp-json\/wp\/v2\/pages"}],"about":[{"href":"https:\/\/www.pinifri.fr\/Portfolio\/wp-json\/wp\/v2\/types\/page"}],"author":[{"embeddable":true,"href":"https:\/\/www.pinifri.fr\/Portfolio\/wp-json\/wp\/v2\/users\/1"}],"replies":[{"embeddable":true,"href":"https:\/\/www.pinifri.fr\/Portfolio\/wp-json\/wp\/v2\/comments?post=283"}],"version-history":[{"count":4,"href":"https:\/\/www.pinifri.fr\/Portfolio\/wp-json\/wp\/v2\/pages\/283\/revisions"}],"predecessor-version":[{"id":731,"href":"https:\/\/www.pinifri.fr\/Portfolio\/wp-json\/wp\/v2\/pages\/283\/revisions\/731"}],"up":[{"embeddable":true,"href":"https:\/\/www.pinifri.fr\/Portfolio\/wp-json\/wp\/v2\/pages\/8"}],"wp:attachment":[{"href":"https:\/\/www.pinifri.fr\/Portfolio\/wp-json\/wp\/v2\/media?parent=283"}],"curies":[{"name":"wp","href":"https:\/\/api.w.org\/{rel}","templated":true}]}}